{"id":131,"date":"2017-05-05T23:34:31","date_gmt":"2017-05-05T21:34:31","guid":{"rendered":"http:\/\/gaul-hechler.de\/wordpress\/?page_id=131"},"modified":"2024-07-27T18:21:23","modified_gmt":"2024-07-27T16:21:23","slug":"das-sind-wir","status":"publish","type":"page","link":"https:\/\/gaul-hechler.de\/?page_id=131","title":{"rendered":"Das sind wir!"},"content":{"rendered":"<p><strong>Tradition &amp; Genuss<\/strong><\/p>\n<p style=\"text-align: center;\">Unser traditionsreiches Weingut, das seit Generationen liebevoll bewirtschaftet wurde, wird nun als charmante Gutsch\u00e4nke weitergef\u00fchrt. Inmitten malerischer Weinberge laden wir Sie ein, erlesene Weine und regionalen Spezialit\u00e4ten in gem\u00fctlicher Atmosph\u00e4re zu genie\u00dfen. Unsere Gutsch\u00e4nke bietet Ihnen nicht nur einen Einblick in die lange Geschichte und Tradition unseres Familienbetriebs, sondern auch einen Ort der Entspannung und des Genusses. Kommen Sie vorbei und erleben Sie die harmonische Verbindung von Tradition und Gastfreundschaft.<\/p>\n<p style=\"text-align: center;\"><img loading=\"lazy\" decoding=\"async\" class=\"aligncenter size-medium wp-image-360\" src=\"http:\/\/gaul-hechler.de\/wp-content\/uploads\/2021\/10\/jazz_018-300x200.jpg\" alt=\"\" width=\"300\" height=\"200\" srcset=\"https:\/\/gaul-hechler.de\/wp-content\/uploads\/2021\/10\/jazz_018-300x200.jpg 300w, https:\/\/gaul-hechler.de\/wp-content\/uploads\/2021\/10\/jazz_018-768x511.jpg 768w, https:\/\/gaul-hechler.de\/wp-content\/uploads\/2021\/10\/jazz_018-1024x682.jpg 1024w, https:\/\/gaul-hechler.de\/wp-content\/uploads\/2021\/10\/jazz_018.jpg 1538w\" sizes=\"auto, (max-width: 300px) 100vw, 300px\" \/><\/p>\n<hr \/>\n<p style=\"text-align: center;\">Seit 1980 bewirtschafteten Inge und Georg Gaul dieses Weingut. Die beiden arbeiteten gemeinsam mit Georgs Bruder Uwe in den Weinbergen, waren im Keller unterwegs und regelm\u00e4\u00dfig auf Achse, um Kunden zu Hause zu beliefern. Inge k\u00fcmmerte sich um Buchhaltung und betreibt passioniert die Strau\u00dfwirtschaft.<\/p>\n<p><img loading=\"lazy\" decoding=\"async\" class=\"size-medium wp-image-153 aligncenter\" src=\"http:\/\/gaul-hechler.de\/wordpress\/wp-content\/uploads\/2017\/05\/WeinBilder-30-300x200.jpg\" alt=\"\" width=\"300\" height=\"200\" srcset=\"https:\/\/gaul-hechler.de\/wp-content\/uploads\/2017\/05\/WeinBilder-30-300x200.jpg 300w, https:\/\/gaul-hechler.de\/wp-content\/uploads\/2017\/05\/WeinBilder-30-768x511.jpg 768w, https:\/\/gaul-hechler.de\/wp-content\/uploads\/2017\/05\/WeinBilder-30-1024x681.jpg 1024w, https:\/\/gaul-hechler.de\/wp-content\/uploads\/2017\/05\/WeinBilder-30.jpg 1539w\" sizes=\"auto, (max-width: 300px) 100vw, 300px\" \/><\/p>\n<hr \/>\n<p><strong>Horrweiler<\/strong><\/p>\n<p>Unser Herz schl\u00e4gt f\u00fcr diese kleine charmante Gemeinde im Landkreis Mainz-Bingen. Der Ort ist seit der R\u00f6merzeit vom Weinbau gepr\u00e4gt und weist viele typische Merkmale eines rheinhessischen Weindorfs auf.<img loading=\"lazy\" decoding=\"async\" class=\"aligncenter size-medium wp-image-193\" src=\"http:\/\/gaul-hechler.de\/wp-content\/uploads\/2017\/05\/DSC8678-300x200.jpg\" alt=\"\" width=\"300\" height=\"200\" srcset=\"https:\/\/gaul-hechler.de\/wp-content\/uploads\/2017\/05\/DSC8678-300x200.jpg 300w, https:\/\/gaul-hechler.de\/wp-content\/uploads\/2017\/05\/DSC8678-768x511.jpg 768w, https:\/\/gaul-hechler.de\/wp-content\/uploads\/2017\/05\/DSC8678-1024x681.jpg 1024w\" sizes=\"auto, (max-width: 300px) 100vw, 300px\" \/><\/p>\n<p>Besonders sehenswert ist die historische Wehrkirche mit den ehemaligen Grabenkellern sowie verschiedene Profanbauten im Sp\u00e4tbarock-Stil im alten Ortskern. In unserem Weindorfmuseum wird neben einer umfassenden dorfgeschichtlichen Sammlung im j\u00e4hrlichen Wechsel eine Sonderausstellung pr\u00e4sentiert.\u00a0<img loading=\"lazy\" decoding=\"async\" class=\"size-medium wp-image-151 aligncenter\" src=\"http:\/\/gaul-hechler.de\/wordpress\/wp-content\/uploads\/2017\/05\/DSC6257-300x200.jpg\" alt=\"\" width=\"300\" height=\"200\" srcset=\"https:\/\/gaul-hechler.de\/wp-content\/uploads\/2017\/05\/DSC6257-300x200.jpg 300w, https:\/\/gaul-hechler.de\/wp-content\/uploads\/2017\/05\/DSC6257-768x511.jpg 768w, https:\/\/gaul-hechler.de\/wp-content\/uploads\/2017\/05\/DSC6257-1024x681.jpg 1024w\" sizes=\"auto, (max-width: 300px) 100vw, 300px\" \/><\/p>\n<p>Trotz der ruhigen Lage sind wir verkehrsm\u00e4\u00dfig optimal an die umliegenden St\u00e4dte Mainz (24 km), Bingen und Bad Kreuznach (jeweils 12 km) angeschlossen.<\/p>\n<hr \/>\n<p><strong>Rheinhessen<\/strong><\/p>\n<p>Rheinhessen ist seit der R\u00f6merzeit eine Kulturlandschaft am Rhein. Von Karl dem Gro\u00dfen \u00fcber Barbarossa bis zu Maximilian fanden hier bedeutende Reichstage statt. Die Dome in Mainz und Worms, Hildegard von Bingen, das Nibelungenlied und Gutenbergs Druckerpresse stehen stellvertretend f\u00fcr die damalige Relevanz.<img loading=\"lazy\" decoding=\"async\" class=\"alignright size-medium wp-image-154\" src=\"http:\/\/gaul-hechler.de\/wordpress\/wp-content\/uploads\/2017\/05\/DSC6082-300x200.jpg\" alt=\"\" width=\"300\" height=\"200\" srcset=\"https:\/\/gaul-hechler.de\/wp-content\/uploads\/2017\/05\/DSC6082-300x200.jpg 300w, https:\/\/gaul-hechler.de\/wp-content\/uploads\/2017\/05\/DSC6082-768x511.jpg 768w, https:\/\/gaul-hechler.de\/wp-content\/uploads\/2017\/05\/DSC6082-1024x681.jpg 1024w\" sizes=\"auto, (max-width: 300px) 100vw, 300px\" \/><\/p>\n<p>Unter Napoleon kam die Region zu Frankreich. Nach dessen Niederlage wurde Europa auf dem Wiener Kongress neu geordnet. Das Gro\u00dfherzogtum Hessen-Darmstadt musste Gebiete an Preu\u00dfen abtreten und erhielt im Gegenzug den Nordteil des Departements Donnersberg mit Bingen, Mainz, Worms und Alzey. Am 8. Juli 1816 wurde die \u201eBesitzergreifungsurkunde\u201c des Gro\u00dfherzogs Ludwig I. ver\u00f6ffentlicht. Kurze Zeit sp\u00e4ter\u00a0erhielt\u00a0seine neue linksrheinische Provinz den Namen \u201eRheinhessen\u201c.<\/p>\n<p>Nach dem 2. Weltkrieg wurde Rheinhessen durch die Grenze zwischen franz\u00f6sischer und amerikanischer Besatzungszone von Hessen abgetrennt und kam 1946 als Regierungsbezirk zu Rheinland-Pfalz.<\/p>\n<p>(Quelle:\u00a0http:\/\/www.rheinhessen.de\/geschichte-kurz-und-knapp)<\/p>\n","protected":false},"excerpt":{"rendered":"<p>Tradition &amp; Genuss Unser traditionsreiches Weingut, das seit Generationen liebevoll bewirtschaftet wurde, wird nun als charmante Gutsch\u00e4nke weitergef\u00fchrt. Inmitten malerischer Weinberge laden wir Sie ein, erlesene Weine und regionalen Spezialit\u00e4ten in gem\u00fctlicher Atmosph\u00e4re zu genie\u00dfen. Unsere Gutsch\u00e4nke bietet Ihnen nicht nur einen Einblick in die lange Geschichte und Tradition unseres Familienbetriebs, sondern auch einen Ort &hellip; <\/p>\n<p class=\"link-more\"><a href=\"https:\/\/gaul-hechler.de\/?page_id=131\" class=\"more-link\"><span class=\"screen-reader-text\">\u201eDas sind wir!\u201c<\/span> weiterlesen<\/a><\/p>\n","protected":false},"author":1,"featured_media":0,"parent":0,"menu_order":0,"comment_status":"closed","ping_status":"closed","template":"","meta":{"footnotes":""},"class_list":["post-131","page","type-page","status-publish","hentry"],"_links":{"self":[{"href":"https:\/\/gaul-hechler.de\/index.php?rest_route=\/wp\/v2\/pages\/131","targetHints":{"allow":["GET"]}}],"collection":[{"href":"https:\/\/gaul-hechler.de\/index.php?rest_route=\/wp\/v2\/pages"}],"about":[{"href":"https:\/\/gaul-hechler.de\/index.php?rest_route=\/wp\/v2\/types\/page"}],"author":[{"embeddable":true,"href":"https:\/\/gaul-hechler.de\/index.php?rest_route=\/wp\/v2\/users\/1"}],"replies":[{"embeddable":true,"href":"https:\/\/gaul-hechler.de\/index.php?rest_route=%2Fwp%2Fv2%2Fcomments&post=131"}],"version-history":[{"count":6,"href":"https:\/\/gaul-hechler.de\/index.php?rest_route=\/wp\/v2\/pages\/131\/revisions"}],"predecessor-version":[{"id":441,"href":"https:\/\/gaul-hechler.de\/index.php?rest_route=\/wp\/v2\/pages\/131\/revisions\/441"}],"wp:attachment":[{"href":"https:\/\/gaul-hechler.de\/index.php?rest_route=%2Fwp%2Fv2%2Fmedia&parent=131"}],"curies":[{"name":"wp","href":"https:\/\/api.w.org\/{rel}","templated":true}]}}