{"id":33,"date":"2017-05-05T18:16:16","date_gmt":"2017-05-05T16:16:16","guid":{"rendered":"http:\/\/gaul-hechler.de\/wordpress\/?page_id=33"},"modified":"2025-08-29T17:29:42","modified_gmt":"2025-08-29T15:29:42","slug":"strausswirtschaft","status":"publish","type":"page","link":"https:\/\/gaul-hechler.de\/?page_id=33","title":{"rendered":"Gutsch\u00e4nke"},"content":{"rendered":"<p>Liebe G\u00e4ste!<\/p>\n<p data-start=\"137\" data-end=\"387\"><strong data-start=\"137\" data-end=\"170\">Sommerzeit in der Gutsch\u00e4nke!<\/strong><br data-start=\"170\" data-end=\"173\" \/>Vom\u00a0 <strong data-start=\"180\" data-end=\"192\">27. Juni bis zum 24. August<\/strong>\u00a0ist es endlich wieder so weit: Unsere Gutsch\u00e4nke startet in die neue Saison! Die ersten Vorbereitungen laufen bereits, und wir freuen uns schon sehr darauf, euch bald wieder bei uns begr\u00fc\u00dfen zu d\u00fcrfen.<\/p>\n<p data-start=\"389\" data-end=\"627\">Ein ganz besonderes Highlight: Unter unserer gro\u00dfen <strong data-start=\"441\" data-end=\"452\">Platane<\/strong>, die herrlichen Schatten spendet, lassen sich die <strong data-start=\"503\" data-end=\"530\">lauschigen Sommerabende<\/strong> besonders entspannt genie\u00dfen \u2013 mit einem k\u00fchlen Getr\u00e4nk, vielf\u00e4ltigenLeckereien und netten Menschen.<\/p>\n<p data-start=\"629\" data-end=\"672\"><strong data-start=\"629\" data-end=\"672\">Kommt vorbei \u2013 wir freuen uns auf euch!<\/strong><\/p>\n<p><strong>Folg<\/strong><strong>ende Klassiker sind immer Bestandteil unserer Speisekarte:<\/strong><\/p>\n<p style=\"padding-left: 60px;\">Spundek\u00e4se<br \/>\nHandk\u00e4se mit Musik<br \/>\nHackbraten mit Riesling-Zwiebelso\u00dfe<br \/>\nWinzersteak mit Curry-Knoblauch-So\u00dfe<\/p>\n<p>Es gr\u00fc\u00dfen herzlich Inge und Georg Gaul sowie das Rebenhof-Team<\/p>\n<hr \/>\n<p><strong>Unsere \u00d6ffnungszeiten:<\/strong><\/p>\n<ul>\n<li>freitags und samstags ab 18. 00 Uhr<\/li>\n<li>sonntags ab 16. 00 Uhr<\/li>\n<li>Nutzen Sie gerne auch die Parkfl\u00e4chen in unserem Hof.<\/li>\n<\/ul>\n<p style=\"padding-left: 60px;\">\n","protected":false},"excerpt":{"rendered":"<p>Liebe G\u00e4ste! Sommerzeit in der Gutsch\u00e4nke!Vom\u00a0 27. Juni bis zum 24. August\u00a0ist es endlich wieder so weit: Unsere Gutsch\u00e4nke startet in die neue Saison! Die ersten Vorbereitungen laufen bereits, und wir freuen uns schon sehr darauf, euch bald wieder bei uns begr\u00fc\u00dfen zu d\u00fcrfen. Ein ganz besonderes Highlight: Unter unserer gro\u00dfen Platane, die herrlichen Schatten &hellip; <\/p>\n<p class=\"link-more\"><a href=\"https:\/\/gaul-hechler.de\/?page_id=33\" class=\"more-link\"><span class=\"screen-reader-text\">\u201eGutsch\u00e4nke\u201c<\/span> weiterlesen<\/a><\/p>\n","protected":false},"author":1,"featured_media":39,"parent":0,"menu_order":0,"comment_status":"closed","ping_status":"closed","template":"","meta":{"footnotes":""},"class_list":["post-33","page","type-page","status-publish","has-post-thumbnail","hentry"],"_links":{"self":[{"href":"https:\/\/gaul-hechler.de\/index.php?rest_route=\/wp\/v2\/pages\/33","targetHints":{"allow":["GET"]}}],"collection":[{"href":"https:\/\/gaul-hechler.de\/index.php?rest_route=\/wp\/v2\/pages"}],"about":[{"href":"https:\/\/gaul-hechler.de\/index.php?rest_route=\/wp\/v2\/types\/page"}],"author":[{"embeddable":true,"href":"https:\/\/gaul-hechler.de\/index.php?rest_route=\/wp\/v2\/users\/1"}],"replies":[{"embeddable":true,"href":"https:\/\/gaul-hechler.de\/index.php?rest_route=%2Fwp%2Fv2%2Fcomments&post=33"}],"version-history":[{"count":69,"href":"https:\/\/gaul-hechler.de\/index.php?rest_route=\/wp\/v2\/pages\/33\/revisions"}],"predecessor-version":[{"id":484,"href":"https:\/\/gaul-hechler.de\/index.php?rest_route=\/wp\/v2\/pages\/33\/revisions\/484"}],"wp:featuredmedia":[{"embeddable":true,"href":"https:\/\/gaul-hechler.de\/index.php?rest_route=\/wp\/v2\/media\/39"}],"wp:attachment":[{"href":"https:\/\/gaul-hechler.de\/index.php?rest_route=%2Fwp%2Fv2%2Fmedia&parent=33"}],"curies":[{"name":"wp","href":"https:\/\/api.w.org\/{rel}","templated":true}]}}